{"id":6306,"date":"2016-10-15T20:11:08","date_gmt":"2016-10-15T20:11:08","guid":{"rendered":"http:\/\/nlaad.org\/es\/event\/national-latinx-aids-awareness-day-in-chicago-chicago-il\/"},"modified":"2016-10-15T20:14:59","modified_gmt":"2016-10-15T20:14:59","slug":"national-latinx-aids-awareness-day-in-chicago-chicago-il","status":"publish","type":"tribe_events","link":"https:\/\/nlaad.org\/es\/event\/national-latinx-aids-awareness-day-in-chicago-chicago-il\/","title":{"rendered":"D\u00eda Nacional de la Lucha Contra el SIDA"},"content":{"rendered":"<style type=\"text\/css\"><\/style><p><span class=\"Apple-style-span\">El 15 de Octubre es el D\u00eda nacional de la lucha contra el SIDA. Este es un d\u00eda donde nosotros Latinxs luchamos con ganas para una generaci\u00f3n libre de SIDA y crear conciencia dentro de nuestras comunidades marginadas. <\/span><\/p>\n<p><span class=\"Apple-style-span\">Project VIDA tendr\u00e1 un evento la noche de este S\u00e1bado de 8-10 pm en La Cueva Night Club ubicado en el barrio La Villita en el suroeste de Chicago. Este es un evento gratis con refrescos y actuaciones espaciales. Project VIDA estar\u00e1 ofreciendo pruebas del VIH gratis para cualquier persona que quiera conocer su estado actual. Participantes tambi\u00e9n recibir\u00e1n entrada gratis para el resto de la noche en el club La Cueva. <\/span><\/p>\n<p><span class=\"Apple-style-span\">Para obtener m\u00e1s informaci\u00f3n, llame al (773) 277-2291 o por correo electr\u00f3nico a Alexandra Arjona al<\/span>\u00a0<a href=\"mailto:aarjona@projectvida.org\">aarjona@projectvida.org<\/a>.<\/p>\n<p><a href=\"http:\/\/nlaad.org\/wp-content\/uploads\/2016\/10\/project-vida-nlaad-2016-spanish.jpg\"> [baje poster promocional]<\/a><\/p>\n","protected":false},"excerpt":{"rendered":"<p>El 15 de Octubre es el D\u00eda nacional de la lucha contra el SIDA. Este es un d\u00eda donde nosotros Latinxs luchamos con ganas para una generaci\u00f3n libre de SIDA&#8230;<\/p>\n","protected":false},"author":1,"featured_media":6298,"template":"","meta":{"_tribe_events_status":"","_tribe_events_status_reason":"","footnotes":""},"tags":[],"tribe_events_cat":[99,98],"class_list":["post-6306","tribe_events","type-tribe_events","status-publish","has-post-thumbnail","hentry","tribe_events_cat-hiv-awareness-es","tribe_events_cat-hiv-testing-es","cat_hiv-awareness-es","cat_hiv-testing-es"],"yoast_head":"<!-- This site is optimized with the Yoast SEO plugin v27.3 - https:\/\/yoast.com\/product\/yoast-seo-wordpress\/ -->\n<title>D\u00eda Nacional de la Lucha Contra el SIDA - nlaad.org<\/title>\n<meta name=\"robots\" content=\"index, follow, max-snippet:-1, max-image-preview:large, max-video-preview:-1\" \/>\n<link rel=\"canonical\" href=\"https:\/\/nlaad.org\/event\/national-latinx-aids-awareness-day-in-chicago-chicago-il\/\" \/>\n<meta property=\"og:locale\" content=\"es_ES\" \/>\n<meta property=\"og:type\" content=\"article\" \/>\n<meta property=\"og:title\" content=\"D\u00eda Nacional de la Lucha Contra el SIDA - nlaad.org\" \/>\n<meta property=\"og:description\" content=\"El 15 de Octubre es el D\u00eda nacional de la lucha contra el SIDA. Este es un d\u00eda donde nosotros Latinxs luchamos con ganas para una generaci\u00f3n libre de SIDA...\" \/>\n<meta property=\"og:url\" content=\"https:\/\/nlaad.org\/event\/national-latinx-aids-awareness-day-in-chicago-chicago-il\/\" \/>\n<meta property=\"og:site_name\" content=\"nlaad.org\" \/>\n<meta property=\"article:publisher\" content=\"https:\/\/www.facebook.com\/LatinoCommissionOnAids\/\" \/>\n<meta property=\"article:modified_time\" content=\"2016-10-15T20:14:59+00:00\" \/>\n<meta property=\"og:image\" content=\"https:\/\/nlaad.org\/wp-content\/uploads\/2016\/10\/event-project-vida-chicago-il-spanish.jpg\" \/>\n\t<meta property=\"og:image:width\" content=\"580\" \/>\n\t<meta property=\"og:image:height\" content=\"420\" \/>\n\t<meta property=\"og:image:type\" content=\"image\/jpeg\" \/>\n<meta name=\"twitter:card\" content=\"summary_large_image\" \/>\n<meta name=\"twitter:site\" content=\"@latinocommaids\" \/>\n<meta name=\"twitter:label1\" content=\"Est. reading time\" \/>\n\t<meta name=\"twitter:data1\" content=\"1 minute\" \/>\n<script type=\"application\/ld+json\" class=\"yoast-schema-graph\">{\"@context\":\"https:\\\/\\\/schema.org\",\"@graph\":[{\"@type\":\"WebPage\",\"@id\":\"https:\\\/\\\/nlaad.org\\\/event\\\/national-latinx-aids-awareness-day-in-chicago-chicago-il\\\/\",\"url\":\"https:\\\/\\\/nlaad.org\\\/event\\\/national-latinx-aids-awareness-day-in-chicago-chicago-il\\\/\",\"name\":\"D\u00eda Nacional de la Lucha Contra el SIDA - nlaad.org\",\"isPartOf\":{\"@id\":\"https:\\\/\\\/nlaad.org\\\/#website\"},\"primaryImageOfPage\":{\"@id\":\"https:\\\/\\\/nlaad.org\\\/event\\\/national-latinx-aids-awareness-day-in-chicago-chicago-il\\\/#primaryimage\"},\"image\":{\"@id\":\"https:\\\/\\\/nlaad.org\\\/event\\\/national-latinx-aids-awareness-day-in-chicago-chicago-il\\\/#primaryimage\"},\"thumbnailUrl\":\"https:\\\/\\\/nlaad.org\\\/wp-content\\\/uploads\\\/2016\\\/10\\\/event-project-vida-chicago-il-spanish.jpg\",\"datePublished\":\"2016-10-15T20:11:08+00:00\",\"dateModified\":\"2016-10-15T20:14:59+00:00\",\"breadcrumb\":{\"@id\":\"https:\\\/\\\/nlaad.org\\\/event\\\/national-latinx-aids-awareness-day-in-chicago-chicago-il\\\/#breadcrumb\"},\"inLanguage\":\"es-ES\",\"potentialAction\":[{\"@type\":\"ReadAction\",\"target\":[\"https:\\\/\\\/nlaad.org\\\/event\\\/national-latinx-aids-awareness-day-in-chicago-chicago-il\\\/\"]}]},{\"@type\":\"ImageObject\",\"inLanguage\":\"es-ES\",\"@id\":\"https:\\\/\\\/nlaad.org\\\/event\\\/national-latinx-aids-awareness-day-in-chicago-chicago-il\\\/#primaryimage\",\"url\":\"https:\\\/\\\/nlaad.org\\\/wp-content\\\/uploads\\\/2016\\\/10\\\/event-project-vida-chicago-il-spanish.jpg\",\"contentUrl\":\"https:\\\/\\\/nlaad.org\\\/wp-content\\\/uploads\\\/2016\\\/10\\\/event-project-vida-chicago-il-spanish.jpg\",\"width\":580,\"height\":420},{\"@type\":\"BreadcrumbList\",\"@id\":\"https:\\\/\\\/nlaad.org\\\/event\\\/national-latinx-aids-awareness-day-in-chicago-chicago-il\\\/#breadcrumb\",\"itemListElement\":[{\"@type\":\"ListItem\",\"position\":1,\"name\":\"Home\",\"item\":\"https:\\\/\\\/nlaad.org\\\/es\\\/\"},{\"@type\":\"ListItem\",\"position\":2,\"name\":\"Events\",\"item\":\"https:\\\/\\\/nlaad.org\\\/events\\\/\"},{\"@type\":\"ListItem\",\"position\":3,\"name\":\"D\u00eda Nacional de la Lucha Contra el SIDA\"}]},{\"@type\":\"WebSite\",\"@id\":\"https:\\\/\\\/nlaad.org\\\/#website\",\"url\":\"https:\\\/\\\/nlaad.org\\\/\",\"name\":\"nlaad.org\",\"description\":\"National Latino AIDS Awareness Day\",\"publisher\":{\"@id\":\"https:\\\/\\\/nlaad.org\\\/#organization\"},\"potentialAction\":[{\"@type\":\"SearchAction\",\"target\":{\"@type\":\"EntryPoint\",\"urlTemplate\":\"https:\\\/\\\/nlaad.org\\\/?s={search_term_string}\"},\"query-input\":{\"@type\":\"PropertyValueSpecification\",\"valueRequired\":true,\"valueName\":\"search_term_string\"}}],\"inLanguage\":\"es-ES\"},{\"@type\":\"Organization\",\"@id\":\"https:\\\/\\\/nlaad.org\\\/#organization\",\"name\":\"Latino Commission on AIDS\",\"url\":\"https:\\\/\\\/nlaad.org\\\/\",\"logo\":{\"@type\":\"ImageObject\",\"inLanguage\":\"es-ES\",\"@id\":\"https:\\\/\\\/nlaad.org\\\/#\\\/schema\\\/logo\\\/image\\\/\",\"url\":\"https:\\\/\\\/nlaad.org\\\/wp-content\\\/uploads\\\/2024\\\/01\\\/commission-logo.png\",\"contentUrl\":\"https:\\\/\\\/nlaad.org\\\/wp-content\\\/uploads\\\/2024\\\/01\\\/commission-logo.png\",\"width\":218,\"height\":114,\"caption\":\"Latino Commission on AIDS\"},\"image\":{\"@id\":\"https:\\\/\\\/nlaad.org\\\/#\\\/schema\\\/logo\\\/image\\\/\"},\"sameAs\":[\"https:\\\/\\\/www.facebook.com\\\/LatinoCommissionOnAids\\\/\",\"https:\\\/\\\/x.com\\\/latinocommaids\",\"https:\\\/\\\/www.instagram.com\\\/latinocommaids\\\/\",\"https:\\\/\\\/www.youtube.com\\\/channel\\\/UC2k0W8WkRot9Ds5iYEkpd3w\"]}]}<\/script>\n<!-- \/ Yoast SEO plugin. -->","yoast_head_json":{"title":"D\u00eda Nacional de la Lucha Contra el SIDA - nlaad.org","robots":{"index":"index","follow":"follow","max-snippet":"max-snippet:-1","max-image-preview":"max-image-preview:large","max-video-preview":"max-video-preview:-1"},"canonical":"https:\/\/nlaad.org\/event\/national-latinx-aids-awareness-day-in-chicago-chicago-il\/","og_locale":"es_ES","og_type":"article","og_title":"D\u00eda Nacional de la Lucha Contra el SIDA - nlaad.org","og_description":"El 15 de Octubre es el D\u00eda nacional de la lucha contra el SIDA. Este es un d\u00eda donde nosotros Latinxs luchamos con ganas para una generaci\u00f3n libre de SIDA...","og_url":"https:\/\/nlaad.org\/event\/national-latinx-aids-awareness-day-in-chicago-chicago-il\/","og_site_name":"nlaad.org","article_publisher":"https:\/\/www.facebook.com\/LatinoCommissionOnAids\/","article_modified_time":"2016-10-15T20:14:59+00:00","og_image":[{"width":580,"height":420,"url":"https:\/\/nlaad.org\/wp-content\/uploads\/2016\/10\/event-project-vida-chicago-il-spanish.jpg","type":"image\/jpeg"}],"twitter_card":"summary_large_image","twitter_site":"@latinocommaids","twitter_misc":{"Est. reading time":"1 minute"},"schema":{"@context":"https:\/\/schema.org","@graph":[{"@type":"WebPage","@id":"https:\/\/nlaad.org\/event\/national-latinx-aids-awareness-day-in-chicago-chicago-il\/","url":"https:\/\/nlaad.org\/event\/national-latinx-aids-awareness-day-in-chicago-chicago-il\/","name":"D\u00eda Nacional de la Lucha Contra el SIDA - nlaad.org","isPartOf":{"@id":"https:\/\/nlaad.org\/#website"},"primaryImageOfPage":{"@id":"https:\/\/nlaad.org\/event\/national-latinx-aids-awareness-day-in-chicago-chicago-il\/#primaryimage"},"image":{"@id":"https:\/\/nlaad.org\/event\/national-latinx-aids-awareness-day-in-chicago-chicago-il\/#primaryimage"},"thumbnailUrl":"https:\/\/nlaad.org\/wp-content\/uploads\/2016\/10\/event-project-vida-chicago-il-spanish.jpg","datePublished":"2016-10-15T20:11:08+00:00","dateModified":"2016-10-15T20:14:59+00:00","breadcrumb":{"@id":"https:\/\/nlaad.org\/event\/national-latinx-aids-awareness-day-in-chicago-chicago-il\/#breadcrumb"},"inLanguage":"es-ES","potentialAction":[{"@type":"ReadAction","target":["https:\/\/nlaad.org\/event\/national-latinx-aids-awareness-day-in-chicago-chicago-il\/"]}]},{"@type":"ImageObject","inLanguage":"es-ES","@id":"https:\/\/nlaad.org\/event\/national-latinx-aids-awareness-day-in-chicago-chicago-il\/#primaryimage","url":"https:\/\/nlaad.org\/wp-content\/uploads\/2016\/10\/event-project-vida-chicago-il-spanish.jpg","contentUrl":"https:\/\/nlaad.org\/wp-content\/uploads\/2016\/10\/event-project-vida-chicago-il-spanish.jpg","width":580,"height":420},{"@type":"BreadcrumbList","@id":"https:\/\/nlaad.org\/event\/national-latinx-aids-awareness-day-in-chicago-chicago-il\/#breadcrumb","itemListElement":[{"@type":"ListItem","position":1,"name":"Home","item":"https:\/\/nlaad.org\/es\/"},{"@type":"ListItem","position":2,"name":"Events","item":"https:\/\/nlaad.org\/events\/"},{"@type":"ListItem","position":3,"name":"D\u00eda Nacional de la Lucha Contra el SIDA"}]},{"@type":"WebSite","@id":"https:\/\/nlaad.org\/#website","url":"https:\/\/nlaad.org\/","name":"nlaad.org","description":"National Latino AIDS Awareness Day","publisher":{"@id":"https:\/\/nlaad.org\/#organization"},"potentialAction":[{"@type":"SearchAction","target":{"@type":"EntryPoint","urlTemplate":"https:\/\/nlaad.org\/?s={search_term_string}"},"query-input":{"@type":"PropertyValueSpecification","valueRequired":true,"valueName":"search_term_string"}}],"inLanguage":"es-ES"},{"@type":"Organization","@id":"https:\/\/nlaad.org\/#organization","name":"Latino Commission on AIDS","url":"https:\/\/nlaad.org\/","logo":{"@type":"ImageObject","inLanguage":"es-ES","@id":"https:\/\/nlaad.org\/#\/schema\/logo\/image\/","url":"https:\/\/nlaad.org\/wp-content\/uploads\/2024\/01\/commission-logo.png","contentUrl":"https:\/\/nlaad.org\/wp-content\/uploads\/2024\/01\/commission-logo.png","width":218,"height":114,"caption":"Latino Commission on AIDS"},"image":{"@id":"https:\/\/nlaad.org\/#\/schema\/logo\/image\/"},"sameAs":["https:\/\/www.facebook.com\/LatinoCommissionOnAids\/","https:\/\/x.com\/latinocommaids","https:\/\/www.instagram.com\/latinocommaids\/","https:\/\/www.youtube.com\/channel\/UC2k0W8WkRot9Ds5iYEkpd3w"]}]}},"_links":{"self":[{"href":"https:\/\/nlaad.org\/es\/wp-json\/wp\/v2\/tribe_events\/6306","targetHints":{"allow":["GET"]}}],"collection":[{"href":"https:\/\/nlaad.org\/es\/wp-json\/wp\/v2\/tribe_events"}],"about":[{"href":"https:\/\/nlaad.org\/es\/wp-json\/wp\/v2\/types\/tribe_events"}],"author":[{"embeddable":true,"href":"https:\/\/nlaad.org\/es\/wp-json\/wp\/v2\/users\/1"}],"version-history":[{"count":2,"href":"https:\/\/nlaad.org\/es\/wp-json\/wp\/v2\/tribe_events\/6306\/revisions"}],"predecessor-version":[{"id":6308,"href":"https:\/\/nlaad.org\/es\/wp-json\/wp\/v2\/tribe_events\/6306\/revisions\/6308"}],"wp:featuredmedia":[{"embeddable":true,"href":"https:\/\/nlaad.org\/es\/wp-json\/wp\/v2\/media\/6298"}],"wp:attachment":[{"href":"https:\/\/nlaad.org\/es\/wp-json\/wp\/v2\/media?parent=6306"}],"wp:term":[{"taxonomy":"post_tag","embeddable":true,"href":"https:\/\/nlaad.org\/es\/wp-json\/wp\/v2\/tags?post=6306"},{"taxonomy":"tribe_events_cat","embeddable":true,"href":"https:\/\/nlaad.org\/es\/wp-json\/wp\/v2\/tribe_events_cat?post=6306"}],"curies":[{"name":"wp","href":"https:\/\/api.w.org\/{rel}","templated":true}]}}