{"id":5285,"date":"2016-09-17T06:37:49","date_gmt":"2016-09-17T06:37:49","guid":{"rendered":"http:\/\/nlaad.org\/es\/event\/national-latino-aids-awareness-day-memorial-2016\/"},"modified":"2016-09-30T06:22:00","modified_gmt":"2016-09-30T06:22:00","slug":"national-latino-aids-awareness-day-memorial-2016","status":"publish","type":"tribe_events","link":"https:\/\/nlaad.org\/es\/event\/national-latino-aids-awareness-day-memorial-2016\/","title":{"rendered":"Memorial del Dia Nacional Latino para la Concientizaci\u00f3n del SIDA 2016 &#8211; San Diego, CA"},"content":{"rendered":"<style type=\"text\/css\"><\/style><p>Desde el 5 de junio de 1981 el n\u00famero de hombres y mujeres latinos que han muerto de SIDA y \/ o las complicaciones derivadas de la enfermedad es 125,051+. M\u00e1s asombroso a\u00fan, hay 250,671+ hombres y mujeres latinos que viven con el VIH \/ SIDA. El enfoque de VIDA es reducir la incidencia de VIH en la comunidad latina. La ciencia m\u00e9dica ha avanzado a pasos agigantados en el tratamiento y la prolongaci\u00f3n de una buena calidad de vida de las personas ya infectadas con el virus, pero a\u00fan queda mucho por hacer para prevenir futuras infecciones.<\/p>\n<p>Por favor, \u00fanase a nosotros el s\u00e1bado 15 de octubre de, 2016, el \u00faltimo d\u00eda del mes de la herencia hispana en los Estados Unidos, a medida que observamos el D\u00eda Nacional Latino de Concientizaci\u00f3n del SIDA con un servicio en memoria de todas esas vidas afectadas por el VIH \/ SIDA.<\/p>\n<p>Desde Junio 6 del A\u00f1o de 1981, el N\u00famero de hombres y mujeres latinos Que hon muerto de SIDA o de Complicaciones resultadas of this disease autor es de 125.061 y m\u00e1s. Lo Que M\u00e1s preocupa Es Que Hay M\u00e1s de 250.671 hombres y mujeres latinos Que Viven con el VIH y el SIDA. El prop\u00f3sito m de Vida es Reducir la propagaci\u00f3n del en la comunidad latina. La Ciencia M\u00e9dica ha avanzado, paso a paso, A Pesar De Muchos tropiezos, un Tratar de prolongar la Calidad de Vida de Aquellos Que ya estan Infectados con el virus, Pero Se Necesita Hacer M\u00e1s para Prevenir Infecciones Futura.<\/p>\n<p>Por favor reunamosno el 15 de Octubre Pr\u00f3ximo, Que es Aqu\u00ed en los Estados Unidos, El \u00faltimo d\u00eda en Que se Celebra la Herencia Hispana, Asi Como Nosotros Que Celebramos El D\u00eda Nacional Latino de Hacer Conciencia de los Problemas del SIDA, tendremos la ONU Servicio de recordaci\u00f3n para Todos Aquellos Que Han Sido impactados con el VIH \/ SIDA.<\/p>\n","protected":false},"excerpt":{"rendered":"<p>Desde el 5 de junio de 1981 el n\u00famero de hombres y mujeres latinos que han muerto de SIDA y \/ o las complicaciones derivadas de la enfermedad es 125,051+&#8230;.<\/p>\n","protected":false},"author":1,"featured_media":4818,"template":"","meta":{"_tribe_events_status":"","_tribe_events_status_reason":"","footnotes":""},"tags":[],"tribe_events_cat":[99],"class_list":["post-5285","tribe_events","type-tribe_events","status-publish","has-post-thumbnail","hentry","tribe_events_cat-hiv-awareness-es","cat_hiv-awareness-es"],"yoast_head":"<!-- This site is optimized with the Yoast SEO plugin v27.3 - https:\/\/yoast.com\/product\/yoast-seo-wordpress\/ -->\n<title>Memorial del Dia Nacional Latino para la Concientizaci\u00f3n del SIDA 2016 - San Diego, CA - nlaad.org<\/title>\n<meta name=\"robots\" content=\"index, follow, max-snippet:-1, max-image-preview:large, max-video-preview:-1\" \/>\n<link rel=\"canonical\" href=\"https:\/\/nlaad.org\/event\/national-latino-aids-awareness-day-memorial-2016\/\" \/>\n<meta property=\"og:locale\" content=\"es_ES\" \/>\n<meta property=\"og:type\" content=\"article\" \/>\n<meta property=\"og:title\" content=\"Memorial del Dia Nacional Latino para la Concientizaci\u00f3n del SIDA 2016 - San Diego, CA - nlaad.org\" \/>\n<meta property=\"og:description\" content=\"Desde el 5 de junio de 1981 el n\u00famero de hombres y mujeres latinos que han muerto de SIDA y \/ o las complicaciones derivadas de la enfermedad es 125,051+....\" \/>\n<meta property=\"og:url\" content=\"https:\/\/nlaad.org\/event\/national-latino-aids-awareness-day-memorial-2016\/\" \/>\n<meta property=\"og:site_name\" content=\"nlaad.org\" \/>\n<meta property=\"article:publisher\" content=\"https:\/\/www.facebook.com\/LatinoCommissionOnAids\/\" \/>\n<meta property=\"article:modified_time\" content=\"2016-09-30T06:22:00+00:00\" \/>\n<meta property=\"og:image\" content=\"https:\/\/nlaad.org\/wp-content\/uploads\/2016\/09\/event-ca-nlaad-aids-memorial.jpg\" \/>\n\t<meta property=\"og:image:width\" content=\"580\" \/>\n\t<meta property=\"og:image:height\" content=\"420\" \/>\n\t<meta property=\"og:image:type\" content=\"image\/jpeg\" \/>\n<meta name=\"twitter:card\" content=\"summary_large_image\" \/>\n<meta name=\"twitter:site\" content=\"@latinocommaids\" \/>\n<meta name=\"twitter:label1\" content=\"Est. reading time\" \/>\n\t<meta name=\"twitter:data1\" content=\"2 minutes\" \/>\n<script type=\"application\/ld+json\" class=\"yoast-schema-graph\">{\"@context\":\"https:\\\/\\\/schema.org\",\"@graph\":[{\"@type\":\"WebPage\",\"@id\":\"https:\\\/\\\/nlaad.org\\\/event\\\/national-latino-aids-awareness-day-memorial-2016\\\/\",\"url\":\"https:\\\/\\\/nlaad.org\\\/event\\\/national-latino-aids-awareness-day-memorial-2016\\\/\",\"name\":\"Memorial del Dia Nacional Latino para la Concientizaci\u00f3n del SIDA 2016 - San Diego, CA - nlaad.org\",\"isPartOf\":{\"@id\":\"https:\\\/\\\/nlaad.org\\\/#website\"},\"primaryImageOfPage\":{\"@id\":\"https:\\\/\\\/nlaad.org\\\/event\\\/national-latino-aids-awareness-day-memorial-2016\\\/#primaryimage\"},\"image\":{\"@id\":\"https:\\\/\\\/nlaad.org\\\/event\\\/national-latino-aids-awareness-day-memorial-2016\\\/#primaryimage\"},\"thumbnailUrl\":\"https:\\\/\\\/nlaad.org\\\/wp-content\\\/uploads\\\/2016\\\/09\\\/event-ca-nlaad-aids-memorial.jpg\",\"datePublished\":\"2016-09-17T06:37:49+00:00\",\"dateModified\":\"2016-09-30T06:22:00+00:00\",\"breadcrumb\":{\"@id\":\"https:\\\/\\\/nlaad.org\\\/event\\\/national-latino-aids-awareness-day-memorial-2016\\\/#breadcrumb\"},\"inLanguage\":\"es-ES\",\"potentialAction\":[{\"@type\":\"ReadAction\",\"target\":[\"https:\\\/\\\/nlaad.org\\\/event\\\/national-latino-aids-awareness-day-memorial-2016\\\/\"]}]},{\"@type\":\"ImageObject\",\"inLanguage\":\"es-ES\",\"@id\":\"https:\\\/\\\/nlaad.org\\\/event\\\/national-latino-aids-awareness-day-memorial-2016\\\/#primaryimage\",\"url\":\"https:\\\/\\\/nlaad.org\\\/wp-content\\\/uploads\\\/2016\\\/09\\\/event-ca-nlaad-aids-memorial.jpg\",\"contentUrl\":\"https:\\\/\\\/nlaad.org\\\/wp-content\\\/uploads\\\/2016\\\/09\\\/event-ca-nlaad-aids-memorial.jpg\",\"width\":580,\"height\":420},{\"@type\":\"BreadcrumbList\",\"@id\":\"https:\\\/\\\/nlaad.org\\\/event\\\/national-latino-aids-awareness-day-memorial-2016\\\/#breadcrumb\",\"itemListElement\":[{\"@type\":\"ListItem\",\"position\":1,\"name\":\"Home\",\"item\":\"https:\\\/\\\/nlaad.org\\\/es\\\/\"},{\"@type\":\"ListItem\",\"position\":2,\"name\":\"Events\",\"item\":\"https:\\\/\\\/nlaad.org\\\/events\\\/\"},{\"@type\":\"ListItem\",\"position\":3,\"name\":\"Memorial del Dia Nacional Latino para la Concientizaci\u00f3n del SIDA 2016 &#8211; San Diego, CA\"}]},{\"@type\":\"WebSite\",\"@id\":\"https:\\\/\\\/nlaad.org\\\/#website\",\"url\":\"https:\\\/\\\/nlaad.org\\\/\",\"name\":\"nlaad.org\",\"description\":\"National Latino AIDS Awareness Day\",\"publisher\":{\"@id\":\"https:\\\/\\\/nlaad.org\\\/#organization\"},\"potentialAction\":[{\"@type\":\"SearchAction\",\"target\":{\"@type\":\"EntryPoint\",\"urlTemplate\":\"https:\\\/\\\/nlaad.org\\\/?s={search_term_string}\"},\"query-input\":{\"@type\":\"PropertyValueSpecification\",\"valueRequired\":true,\"valueName\":\"search_term_string\"}}],\"inLanguage\":\"es-ES\"},{\"@type\":\"Organization\",\"@id\":\"https:\\\/\\\/nlaad.org\\\/#organization\",\"name\":\"Latino Commission on AIDS\",\"url\":\"https:\\\/\\\/nlaad.org\\\/\",\"logo\":{\"@type\":\"ImageObject\",\"inLanguage\":\"es-ES\",\"@id\":\"https:\\\/\\\/nlaad.org\\\/#\\\/schema\\\/logo\\\/image\\\/\",\"url\":\"https:\\\/\\\/nlaad.org\\\/wp-content\\\/uploads\\\/2024\\\/01\\\/commission-logo.png\",\"contentUrl\":\"https:\\\/\\\/nlaad.org\\\/wp-content\\\/uploads\\\/2024\\\/01\\\/commission-logo.png\",\"width\":218,\"height\":114,\"caption\":\"Latino Commission on AIDS\"},\"image\":{\"@id\":\"https:\\\/\\\/nlaad.org\\\/#\\\/schema\\\/logo\\\/image\\\/\"},\"sameAs\":[\"https:\\\/\\\/www.facebook.com\\\/LatinoCommissionOnAids\\\/\",\"https:\\\/\\\/x.com\\\/latinocommaids\",\"https:\\\/\\\/www.instagram.com\\\/latinocommaids\\\/\",\"https:\\\/\\\/www.youtube.com\\\/channel\\\/UC2k0W8WkRot9Ds5iYEkpd3w\"]}]}<\/script>\n<!-- \/ Yoast SEO plugin. -->","yoast_head_json":{"title":"Memorial del Dia Nacional Latino para la Concientizaci\u00f3n del SIDA 2016 - San Diego, CA - nlaad.org","robots":{"index":"index","follow":"follow","max-snippet":"max-snippet:-1","max-image-preview":"max-image-preview:large","max-video-preview":"max-video-preview:-1"},"canonical":"https:\/\/nlaad.org\/event\/national-latino-aids-awareness-day-memorial-2016\/","og_locale":"es_ES","og_type":"article","og_title":"Memorial del Dia Nacional Latino para la Concientizaci\u00f3n del SIDA 2016 - San Diego, CA - nlaad.org","og_description":"Desde el 5 de junio de 1981 el n\u00famero de hombres y mujeres latinos que han muerto de SIDA y \/ o las complicaciones derivadas de la enfermedad es 125,051+....","og_url":"https:\/\/nlaad.org\/event\/national-latino-aids-awareness-day-memorial-2016\/","og_site_name":"nlaad.org","article_publisher":"https:\/\/www.facebook.com\/LatinoCommissionOnAids\/","article_modified_time":"2016-09-30T06:22:00+00:00","og_image":[{"width":580,"height":420,"url":"https:\/\/nlaad.org\/wp-content\/uploads\/2016\/09\/event-ca-nlaad-aids-memorial.jpg","type":"image\/jpeg"}],"twitter_card":"summary_large_image","twitter_site":"@latinocommaids","twitter_misc":{"Est. reading time":"2 minutes"},"schema":{"@context":"https:\/\/schema.org","@graph":[{"@type":"WebPage","@id":"https:\/\/nlaad.org\/event\/national-latino-aids-awareness-day-memorial-2016\/","url":"https:\/\/nlaad.org\/event\/national-latino-aids-awareness-day-memorial-2016\/","name":"Memorial del Dia Nacional Latino para la Concientizaci\u00f3n del SIDA 2016 - San Diego, CA - nlaad.org","isPartOf":{"@id":"https:\/\/nlaad.org\/#website"},"primaryImageOfPage":{"@id":"https:\/\/nlaad.org\/event\/national-latino-aids-awareness-day-memorial-2016\/#primaryimage"},"image":{"@id":"https:\/\/nlaad.org\/event\/national-latino-aids-awareness-day-memorial-2016\/#primaryimage"},"thumbnailUrl":"https:\/\/nlaad.org\/wp-content\/uploads\/2016\/09\/event-ca-nlaad-aids-memorial.jpg","datePublished":"2016-09-17T06:37:49+00:00","dateModified":"2016-09-30T06:22:00+00:00","breadcrumb":{"@id":"https:\/\/nlaad.org\/event\/national-latino-aids-awareness-day-memorial-2016\/#breadcrumb"},"inLanguage":"es-ES","potentialAction":[{"@type":"ReadAction","target":["https:\/\/nlaad.org\/event\/national-latino-aids-awareness-day-memorial-2016\/"]}]},{"@type":"ImageObject","inLanguage":"es-ES","@id":"https:\/\/nlaad.org\/event\/national-latino-aids-awareness-day-memorial-2016\/#primaryimage","url":"https:\/\/nlaad.org\/wp-content\/uploads\/2016\/09\/event-ca-nlaad-aids-memorial.jpg","contentUrl":"https:\/\/nlaad.org\/wp-content\/uploads\/2016\/09\/event-ca-nlaad-aids-memorial.jpg","width":580,"height":420},{"@type":"BreadcrumbList","@id":"https:\/\/nlaad.org\/event\/national-latino-aids-awareness-day-memorial-2016\/#breadcrumb","itemListElement":[{"@type":"ListItem","position":1,"name":"Home","item":"https:\/\/nlaad.org\/es\/"},{"@type":"ListItem","position":2,"name":"Events","item":"https:\/\/nlaad.org\/events\/"},{"@type":"ListItem","position":3,"name":"Memorial del Dia Nacional Latino para la Concientizaci\u00f3n del SIDA 2016 &#8211; San Diego, CA"}]},{"@type":"WebSite","@id":"https:\/\/nlaad.org\/#website","url":"https:\/\/nlaad.org\/","name":"nlaad.org","description":"National Latino AIDS Awareness Day","publisher":{"@id":"https:\/\/nlaad.org\/#organization"},"potentialAction":[{"@type":"SearchAction","target":{"@type":"EntryPoint","urlTemplate":"https:\/\/nlaad.org\/?s={search_term_string}"},"query-input":{"@type":"PropertyValueSpecification","valueRequired":true,"valueName":"search_term_string"}}],"inLanguage":"es-ES"},{"@type":"Organization","@id":"https:\/\/nlaad.org\/#organization","name":"Latino Commission on AIDS","url":"https:\/\/nlaad.org\/","logo":{"@type":"ImageObject","inLanguage":"es-ES","@id":"https:\/\/nlaad.org\/#\/schema\/logo\/image\/","url":"https:\/\/nlaad.org\/wp-content\/uploads\/2024\/01\/commission-logo.png","contentUrl":"https:\/\/nlaad.org\/wp-content\/uploads\/2024\/01\/commission-logo.png","width":218,"height":114,"caption":"Latino Commission on AIDS"},"image":{"@id":"https:\/\/nlaad.org\/#\/schema\/logo\/image\/"},"sameAs":["https:\/\/www.facebook.com\/LatinoCommissionOnAids\/","https:\/\/x.com\/latinocommaids","https:\/\/www.instagram.com\/latinocommaids\/","https:\/\/www.youtube.com\/channel\/UC2k0W8WkRot9Ds5iYEkpd3w"]}]}},"_links":{"self":[{"href":"https:\/\/nlaad.org\/es\/wp-json\/wp\/v2\/tribe_events\/5285","targetHints":{"allow":["GET"]}}],"collection":[{"href":"https:\/\/nlaad.org\/es\/wp-json\/wp\/v2\/tribe_events"}],"about":[{"href":"https:\/\/nlaad.org\/es\/wp-json\/wp\/v2\/types\/tribe_events"}],"author":[{"embeddable":true,"href":"https:\/\/nlaad.org\/es\/wp-json\/wp\/v2\/users\/1"}],"version-history":[{"count":4,"href":"https:\/\/nlaad.org\/es\/wp-json\/wp\/v2\/tribe_events\/5285\/revisions"}],"predecessor-version":[{"id":5561,"href":"https:\/\/nlaad.org\/es\/wp-json\/wp\/v2\/tribe_events\/5285\/revisions\/5561"}],"wp:featuredmedia":[{"embeddable":true,"href":"https:\/\/nlaad.org\/es\/wp-json\/wp\/v2\/media\/4818"}],"wp:attachment":[{"href":"https:\/\/nlaad.org\/es\/wp-json\/wp\/v2\/media?parent=5285"}],"wp:term":[{"taxonomy":"post_tag","embeddable":true,"href":"https:\/\/nlaad.org\/es\/wp-json\/wp\/v2\/tags?post=5285"},{"taxonomy":"tribe_events_cat","embeddable":true,"href":"https:\/\/nlaad.org\/es\/wp-json\/wp\/v2\/tribe_events_cat?post=5285"}],"curies":[{"name":"wp","href":"https:\/\/api.w.org\/{rel}","templated":true}]}}